{"id":90,"date":"2019-11-04T19:19:20","date_gmt":"2019-11-04T19:19:20","guid":{"rendered":"https:\/\/avelozcomunicacao.com.br\/toyotas\/?page_id=90"},"modified":"2021-12-02T12:33:06","modified_gmt":"2021-12-02T12:33:06","slug":"home","status":"publish","type":"page","link":"https:\/\/avelozcomunicacao.com.br\/toyotas\/","title":{"rendered":"In\u00edcio"},"content":{"rendered":"<div class=\"wpb-content-wrapper\"><p>[vc_row][vc_column offset=&#8221;vc_hidden-lg vc_hidden-md&#8221;][vc_empty_space height=&#8221;11px&#8221;][vc_single_image image=&#8221;438&#8243; img_size=&#8221;full&#8221; alignment=&#8221;right&#8221; style=&#8221;vc_box_rounded&#8221; align=&#8221;center&#8221;][vc_empty_space height=&#8221;30px&#8221;][vc_column_text]<\/p>\n<p style=\"text-align: justify;\"><span style=\"vertical-align: inherit; color: #000000; font-family: 'Book Antiqua', Palatino; font-size: 14pt;\"><span style=\"vertical-align: inherit;\"><span style=\"vertical-align: inherit;\"><span style=\"vertical-align: inherit;\"><span style=\"vertical-align: inherit;\"><span style=\"vertical-align: inherit;\"><span style=\"vertical-align: inherit;\"><span style=\"vertical-align: inherit;\"><span style=\"vertical-align: inherit;\"><span style=\"vertical-align: inherit;\"><span style=\"vertical-align: inherit;\"><span style=\"vertical-align: inherit;\"><span style=\"vertical-align: inherit;\"><span style=\"vertical-align: inherit;\"><span style=\"vertical-align: inherit;\"><span style=\"vertical-align: inherit;\"><span style=\"vertical-align: inherit;\"><span style=\"vertical-align: inherit;\">H\u00e1 mais de tr\u00eas d\u00e9cadas, as Toyotas Bandeirantes alongadas\u2013 ve\u00edculos com chassis aumentados artesanalmente em oficinas\u2013 circulam, de uma ponta \u00e0 outra, por boa parte do Agreste pernambucano. Carregam pessoas, mercadorias, bichos, alimentos, hist\u00f3rias \u2013 e, voc\u00ea ver\u00e1, grandes paix\u00f5es. As rotas s\u00e3o diversas: Caruaru, Toritama, Santa Cruz do Capibaribe, Jo\u00e3o Alfredo, Brejo da Madre de Deus, Sair\u00e9, cidades cujas ruas colorem-se a partir da presen\u00e7a desses jipes pintados de viv\u00edssimos amarelos, azuis, verdes, rosas, laranjas. Nesta reportagem especial, voc\u00ea vai conhecer aqueles que dirigem e que <\/span><\/span><\/span><\/span><\/span><\/span><\/span><\/span><\/span><\/span><\/span><\/span><\/span><\/span><\/span><\/span><\/span><\/span><span style=\"vertical-align: inherit; color: #808080; font-family: 'Book Antiqua', Palatino; font-size: 12pt;\"><span style=\"vertical-align: inherit;\"><span style=\"color: #808080;\"><span style=\"vertical-align: inherit;\"><span style=\"vertical-align: inherit;\"><span style=\"vertical-align: inherit;\"><span style=\"vertical-align: inherit;\"><span style=\"vertical-align: inherit;\"><span style=\"vertical-align: inherit;\"><span style=\"vertical-align: inherit;\"><span style=\"vertical-align: inherit;\"><span style=\"vertical-align: inherit;\"><span style=\"vertical-align: inherit;\"><span style=\"vertical-align: inherit; color: #000000; font-size: 14pt;\"><span style=\"vertical-align: inherit;\"><span style=\"vertical-align: inherit;\"><span style=\"vertical-align: inherit;\"><span style=\"vertical-align: inherit;\"><span style=\"vertical-align: inherit;\">s\u00e3o passageiros da \u201climousine do agreste\u201d, cujo motor \u00e9 geralmente assinado pela Mercedes Benz; entrar em algumas oficinas locais para saber como acontece o alongamento que j\u00e1 atraiu para aqui engenheiros da pr\u00f3pria fabricante japonesa; entender tanto as v\u00e1lidas discuss\u00f5es a respeito da seguran\u00e7a do ve\u00edculo quanto as que explicam sua enorme import\u00e2ncia em uma regi\u00e3o cujo transporte p\u00fablico \u00e9 prec\u00e1rio.<\/span><\/span><\/span><\/span><\/span><\/span><br \/>\n<\/span><\/span><\/span><\/span><\/span><\/span><\/span><\/span><\/span><\/span><\/span><\/span><\/span><\/p>\n<p>[\/vc_column_text][vc_empty_space height=&#8221;30px&#8221;][vc_column_text]<span style=\"color: #000000; font-size: 24pt; font-family: amada;\"><b>SUBA <\/b><b>QUE A<br \/>\nCORRIDA <\/b><b>VAI<br \/>\n<\/b><b>COME\u00c7AR!<\/b><\/span>[\/vc_column_text][vc_empty_space height=&#8221;30px&#8221;][vc_video link=&#8221;https:\/\/youtu.be\/kUTYGaacpzg&#8221;][vc_empty_space height=&#8221;110px&#8221;][vc_single_image image=&#8221;412&#8243; img_size=&#8221;75&#215;25&#8243; alignment=&#8221;center&#8221;][vc_empty_space]<div class=\"\"><div class=\"row\">\n    <div class=\"masonry\">\n        \n                \n        <div class=\"masonry__container\">\n\t        <div class=\"masonry__item col-md-4 col-sm-6 text-center\" data-masonry-filter=\"Cidades\">\n    <div class=\"project-thumb\">\n        <a href=\"https:\/\/avelozcomunicacao.com.br\/toyotas\/portfolio\/brejo-da-madre-de-deus\/\">\n            <img loading=\"lazy\" decoding=\"async\" width=\"492\" height=\"322\" src=\"https:\/\/avelozcomunicacao.com.br\/toyotas\/wp-content\/uploads\/2021\/11\/brejo.png\" class=\"border--round wp-post-image\" alt=\"\" srcset=\"https:\/\/avelozcomunicacao.com.br\/toyotas\/wp-content\/uploads\/2021\/11\/brejo.png 492w, https:\/\/avelozcomunicacao.com.br\/toyotas\/wp-content\/uploads\/2021\/11\/brejo-300x196.png 300w\" sizes=\"auto, (max-width: 492px) 100vw, 492px\" \/>        <\/a>\n            <\/div>\n<\/div><!--end item--><div class=\"masonry__item col-md-4 col-sm-6 text-center\" data-masonry-filter=\"Cidades\">\n    <div class=\"project-thumb\">\n        <a href=\"https:\/\/avelozcomunicacao.com.br\/toyotas\/portfolio\/caruaru\/\">\n            <img loading=\"lazy\" decoding=\"async\" width=\"492\" height=\"322\" src=\"https:\/\/avelozcomunicacao.com.br\/toyotas\/wp-content\/uploads\/2021\/11\/caruaru.png\" class=\"border--round wp-post-image\" alt=\"\" srcset=\"https:\/\/avelozcomunicacao.com.br\/toyotas\/wp-content\/uploads\/2021\/11\/caruaru.png 492w, https:\/\/avelozcomunicacao.com.br\/toyotas\/wp-content\/uploads\/2021\/11\/caruaru-300x196.png 300w\" sizes=\"auto, (max-width: 492px) 100vw, 492px\" \/>        <\/a>\n            <\/div>\n<\/div><!--end item--><div class=\"masonry__item col-md-4 col-sm-6 text-center\" data-masonry-filter=\"Cidades\">\n    <div class=\"project-thumb\">\n        <a href=\"https:\/\/avelozcomunicacao.com.br\/toyotas\/portfolio\/joao-alfredo\/\">\n            <img loading=\"lazy\" decoding=\"async\" width=\"492\" height=\"322\" src=\"https:\/\/avelozcomunicacao.com.br\/toyotas\/wp-content\/uploads\/2021\/11\/ja.png\" class=\"border--round wp-post-image\" alt=\"\" srcset=\"https:\/\/avelozcomunicacao.com.br\/toyotas\/wp-content\/uploads\/2021\/11\/ja.png 492w, https:\/\/avelozcomunicacao.com.br\/toyotas\/wp-content\/uploads\/2021\/11\/ja-300x196.png 300w\" sizes=\"auto, (max-width: 492px) 100vw, 492px\" \/>        <\/a>\n            <\/div>\n<\/div><!--end item--><div class=\"masonry__item col-md-4 col-sm-6 text-center\" data-masonry-filter=\"Cidades\">\n    <div class=\"project-thumb\">\n        <a href=\"https:\/\/avelozcomunicacao.com.br\/toyotas\/portfolio\/santa-cruz-do-capibaribe\/\">\n            <img loading=\"lazy\" decoding=\"async\" width=\"492\" height=\"322\" src=\"https:\/\/avelozcomunicacao.com.br\/toyotas\/wp-content\/uploads\/2021\/11\/st.png\" class=\"border--round wp-post-image\" alt=\"\" srcset=\"https:\/\/avelozcomunicacao.com.br\/toyotas\/wp-content\/uploads\/2021\/11\/st.png 492w, https:\/\/avelozcomunicacao.com.br\/toyotas\/wp-content\/uploads\/2021\/11\/st-300x196.png 300w\" sizes=\"auto, (max-width: 492px) 100vw, 492px\" \/>        <\/a>\n            <\/div>\n<\/div><!--end item--><div class=\"masonry__item col-md-4 col-sm-6 text-center\" data-masonry-filter=\"Cidades\">\n    <div class=\"project-thumb\">\n        <a href=\"https:\/\/avelozcomunicacao.com.br\/toyotas\/portfolio\/toritama\/\">\n            <img loading=\"lazy\" decoding=\"async\" width=\"492\" height=\"322\" src=\"https:\/\/avelozcomunicacao.com.br\/toyotas\/wp-content\/uploads\/2021\/11\/toritama.png\" class=\"border--round wp-post-image\" alt=\"\" srcset=\"https:\/\/avelozcomunicacao.com.br\/toyotas\/wp-content\/uploads\/2021\/11\/toritama.png 492w, https:\/\/avelozcomunicacao.com.br\/toyotas\/wp-content\/uploads\/2021\/11\/toritama-300x196.png 300w\" sizes=\"auto, (max-width: 492px) 100vw, 492px\" \/>        <\/a>\n            <\/div>\n<\/div><!--end item--><div class=\"masonry__item col-md-4 col-sm-6 text-center\" data-masonry-filter=\"Cidades\">\n    <div class=\"project-thumb\">\n        <a href=\"https:\/\/avelozcomunicacao.com.br\/toyotas\/portfolio\/surubim\/\">\n            <img loading=\"lazy\" decoding=\"async\" width=\"492\" height=\"322\" src=\"https:\/\/avelozcomunicacao.com.br\/toyotas\/wp-content\/uploads\/2021\/11\/surubim.png\" class=\"border--round wp-post-image\" alt=\"\" srcset=\"https:\/\/avelozcomunicacao.com.br\/toyotas\/wp-content\/uploads\/2021\/11\/surubim.png 492w, https:\/\/avelozcomunicacao.com.br\/toyotas\/wp-content\/uploads\/2021\/11\/surubim-300x196.png 300w\" sizes=\"auto, (max-width: 492px) 100vw, 492px\" \/>        <\/a>\n            <\/div>\n<\/div><!--end item-->        <\/div><!--end of masonry container-->\n        \n    <\/div><!--end masonry-->\n<\/div><!--end of row--><\/div>[vc_single_image image=&#8221;412&#8243; img_size=&#8221;75&#215;25&#8243; alignment=&#8221;center&#8221;][vc_empty_space][\/vc_column][\/vc_row][vc_row][vc_column offset=&#8221;vc_hidden-sm vc_hidden-xs&#8221;][vc_empty_space height=&#8221;12px&#8221;][vc_single_image image=&#8221;438&#8243; img_size=&#8221;full&#8221; style=&#8221;vc_box_rounded&#8221; align=&#8221;center&#8221;][\/vc_column][\/vc_row][vc_row][vc_column width=&#8221;1\/6&#8243; offset=&#8221;vc_hidden-sm vc_hidden-xs&#8221;][\/vc_column][vc_column width=&#8221;2\/3&#8243; offset=&#8221;vc_hidden-sm vc_hidden-xs&#8221;][vc_empty_space height=&#8221;31px&#8221;][vc_column_text]<\/p>\n<p style=\"text-align: justify;\"><span style=\"font-size: 18pt; color: #000000; font-family: 'Book Antiqua', Palatino;\">H\u00e1 mais de tr\u00eas d\u00e9cadas, as Toyotas Bandeirantes alongadas\u2013 ve\u00edculos com chassis aumentados artesanalmente em oficinas\u2013 circulam, de uma ponta \u00e0 outra, por boa parte do Agreste pernambucano. Carregam pessoas, mercadorias, bichos, alimentos, hist\u00f3rias \u2013 e, voc\u00ea ver\u00e1, grandes paix\u00f5es. As rotas s\u00e3o diversas: Caruaru, Toritama, Santa Cruz do Capibaribe, Jo\u00e3o Alfredo, Brejo da Madre de Deus, Sair\u00e9, cidades cujas ruas colorem-se a partir da presen\u00e7a desses jipes pintados de viv\u00edssimos amarelos, azuis, verdes, rosas, laranjas. Nesta reportagem especial, voc\u00ea vai conhecer aqueles que dirigem e que s\u00e3o passageiros da \u201climousine do agreste\u201d, cujo motor \u00e9 geralmente assinado pela Mercedes Benz; entrar em algumas oficinas locais para saber como acontece o alongamento que j\u00e1 atraiu para aqui engenheiros da pr\u00f3pria fabricante japonesa; entender tanto as v\u00e1lidas discuss\u00f5es a respeito da seguran\u00e7a do ve\u00edculo quanto as que explicam sua enorme import\u00e2ncia em uma regi\u00e3o cujo transporte p\u00fablico \u00e9 prec\u00e1rio.<\/span><span style=\"vertical-align: inherit; color: #808080; font-family: 'Book Antiqua', Palatino; font-size: 12pt;\"><span style=\"vertical-align: inherit;\"><span style=\"color: #808080;\"><span style=\"vertical-align: inherit;\"><span style=\"vertical-align: inherit;\"><span style=\"vertical-align: inherit;\"><span style=\"vertical-align: inherit;\"><span style=\"vertical-align: inherit;\"><span style=\"vertical-align: inherit;\"><span style=\"vertical-align: inherit;\"><span style=\"vertical-align: inherit;\"><span style=\"vertical-align: inherit;\"><span style=\"vertical-align: inherit;\"><br \/>\n<\/span><\/span><\/span><\/span><\/span><\/span><\/span><\/span><\/span><\/span><\/span><\/span><\/span><\/p>\n<p>[\/vc_column_text][vc_empty_space height=&#8221;12px&#8221;][\/vc_column][vc_column width=&#8221;1\/6&#8243; offset=&#8221;vc_hidden-sm vc_hidden-xs&#8221;][\/vc_column][\/vc_row][vc_row][vc_column width=&#8221;1\/4&#8243; offset=&#8221;vc_hidden-sm vc_hidden-xs&#8221;][vc_empty_space height=&#8221;150px&#8221;][vc_column_text]<\/p>\n<h1><span style=\"color: #000000; font-family: amada;\"><span style=\"font-size: 36pt;\"><b>SUBA <\/b><\/span><b style=\"font-size: 36pt;\">QUE A<br \/>\nCORRIDA <\/b><b style=\"font-size: 36pt;\">VAI<br \/>\n<\/b><b style=\"font-size: 36pt;\">COME\u00c7AR!<\/b><\/span><\/h1>\n<p>[\/vc_column_text][\/vc_column][vc_column width=&#8221;3\/4&#8243; offset=&#8221;vc_hidden-sm vc_hidden-xs&#8221;][vc_empty_space height=&#8221;36px&#8221;][vc_video link=&#8221;https:\/\/youtu.be\/kUTYGaacpzg&#8221;][\/vc_column][\/vc_row][vc_row][vc_column offset=&#8221;vc_hidden-sm vc_hidden-xs&#8221;][vc_empty_space height=&#8221;52px&#8221;][vc_single_image image=&#8221;412&#8243; img_size=&#8221;150&#215;100&#8243; alignment=&#8221;center&#8221;][vc_empty_space height=&#8221;50px&#8221;][\/vc_column][\/vc_row][vc_row][vc_column offset=&#8221;vc_hidden-sm vc_hidden-xs&#8221;]<div class=\"\"><div class=\"row\">\n    <div class=\"masonry\">\n        \n                \n        <div class=\"masonry__container\">\n\t        <div class=\"masonry__item col-md-4 col-sm-6 text-center\" data-masonry-filter=\"Cidades\">\n    <div class=\"project-thumb\">\n        <a href=\"https:\/\/avelozcomunicacao.com.br\/toyotas\/portfolio\/brejo-da-madre-de-deus\/\">\n            <img loading=\"lazy\" decoding=\"async\" width=\"492\" height=\"322\" src=\"https:\/\/avelozcomunicacao.com.br\/toyotas\/wp-content\/uploads\/2021\/11\/brejo.png\" class=\"border--round wp-post-image\" alt=\"\" srcset=\"https:\/\/avelozcomunicacao.com.br\/toyotas\/wp-content\/uploads\/2021\/11\/brejo.png 492w, https:\/\/avelozcomunicacao.com.br\/toyotas\/wp-content\/uploads\/2021\/11\/brejo-300x196.png 300w\" sizes=\"auto, (max-width: 492px) 100vw, 492px\" \/>        <\/a>\n            <\/div>\n<\/div><!--end item--><div class=\"masonry__item col-md-4 col-sm-6 text-center\" data-masonry-filter=\"Cidades\">\n    <div class=\"project-thumb\">\n        <a href=\"https:\/\/avelozcomunicacao.com.br\/toyotas\/portfolio\/caruaru\/\">\n            <img loading=\"lazy\" decoding=\"async\" width=\"492\" height=\"322\" src=\"https:\/\/avelozcomunicacao.com.br\/toyotas\/wp-content\/uploads\/2021\/11\/caruaru.png\" class=\"border--round wp-post-image\" alt=\"\" srcset=\"https:\/\/avelozcomunicacao.com.br\/toyotas\/wp-content\/uploads\/2021\/11\/caruaru.png 492w, https:\/\/avelozcomunicacao.com.br\/toyotas\/wp-content\/uploads\/2021\/11\/caruaru-300x196.png 300w\" sizes=\"auto, (max-width: 492px) 100vw, 492px\" \/>        <\/a>\n            <\/div>\n<\/div><!--end item--><div class=\"masonry__item col-md-4 col-sm-6 text-center\" data-masonry-filter=\"Cidades\">\n    <div class=\"project-thumb\">\n        <a href=\"https:\/\/avelozcomunicacao.com.br\/toyotas\/portfolio\/joao-alfredo\/\">\n            <img loading=\"lazy\" decoding=\"async\" width=\"492\" height=\"322\" src=\"https:\/\/avelozcomunicacao.com.br\/toyotas\/wp-content\/uploads\/2021\/11\/ja.png\" class=\"border--round wp-post-image\" alt=\"\" srcset=\"https:\/\/avelozcomunicacao.com.br\/toyotas\/wp-content\/uploads\/2021\/11\/ja.png 492w, https:\/\/avelozcomunicacao.com.br\/toyotas\/wp-content\/uploads\/2021\/11\/ja-300x196.png 300w\" sizes=\"auto, (max-width: 492px) 100vw, 492px\" \/>        <\/a>\n            <\/div>\n<\/div><!--end item--><div class=\"masonry__item col-md-4 col-sm-6 text-center\" data-masonry-filter=\"Cidades\">\n    <div class=\"project-thumb\">\n        <a href=\"https:\/\/avelozcomunicacao.com.br\/toyotas\/portfolio\/santa-cruz-do-capibaribe\/\">\n            <img loading=\"lazy\" decoding=\"async\" width=\"492\" height=\"322\" src=\"https:\/\/avelozcomunicacao.com.br\/toyotas\/wp-content\/uploads\/2021\/11\/st.png\" class=\"border--round wp-post-image\" alt=\"\" srcset=\"https:\/\/avelozcomunicacao.com.br\/toyotas\/wp-content\/uploads\/2021\/11\/st.png 492w, https:\/\/avelozcomunicacao.com.br\/toyotas\/wp-content\/uploads\/2021\/11\/st-300x196.png 300w\" sizes=\"auto, (max-width: 492px) 100vw, 492px\" \/>        <\/a>\n            <\/div>\n<\/div><!--end item--><div class=\"masonry__item col-md-4 col-sm-6 text-center\" data-masonry-filter=\"Cidades\">\n    <div class=\"project-thumb\">\n        <a href=\"https:\/\/avelozcomunicacao.com.br\/toyotas\/portfolio\/toritama\/\">\n            <img loading=\"lazy\" decoding=\"async\" width=\"492\" height=\"322\" src=\"https:\/\/avelozcomunicacao.com.br\/toyotas\/wp-content\/uploads\/2021\/11\/toritama.png\" class=\"border--round wp-post-image\" alt=\"\" srcset=\"https:\/\/avelozcomunicacao.com.br\/toyotas\/wp-content\/uploads\/2021\/11\/toritama.png 492w, https:\/\/avelozcomunicacao.com.br\/toyotas\/wp-content\/uploads\/2021\/11\/toritama-300x196.png 300w\" sizes=\"auto, (max-width: 492px) 100vw, 492px\" \/>        <\/a>\n            <\/div>\n<\/div><!--end item--><div class=\"masonry__item col-md-4 col-sm-6 text-center\" data-masonry-filter=\"Cidades\">\n    <div class=\"project-thumb\">\n        <a href=\"https:\/\/avelozcomunicacao.com.br\/toyotas\/portfolio\/surubim\/\">\n            <img loading=\"lazy\" decoding=\"async\" width=\"492\" height=\"322\" src=\"https:\/\/avelozcomunicacao.com.br\/toyotas\/wp-content\/uploads\/2021\/11\/surubim.png\" class=\"border--round wp-post-image\" alt=\"\" srcset=\"https:\/\/avelozcomunicacao.com.br\/toyotas\/wp-content\/uploads\/2021\/11\/surubim.png 492w, https:\/\/avelozcomunicacao.com.br\/toyotas\/wp-content\/uploads\/2021\/11\/surubim-300x196.png 300w\" sizes=\"auto, (max-width: 492px) 100vw, 492px\" \/>        <\/a>\n            <\/div>\n<\/div><!--end item-->        <\/div><!--end of masonry container-->\n        \n    <\/div><!--end masonry-->\n<\/div><!--end of row--><\/div>[vc_single_image image=&#8221;412&#8243; img_size=&#8221;150&#215;100&#8243; alignment=&#8221;center&#8221;][vc_empty_space height=&#8221;55px&#8221;][\/vc_column][\/vc_row][vc_row][vc_column offset=&#8221;vc_hidden-lg vc_hidden-md&#8221;][vc_empty_space][vc_column_text]<\/p>\n<p style=\"text-align: center;\"><span style=\"font-size: 24pt; color: #000000; font-family: amada;\"><b>OUTRAS PARADAS!<\/b><\/span><\/p>\n<p>[\/vc_column_text][vc_empty_space height=&#8221;26px&#8221;][\/vc_column][\/vc_row][vc_row][vc_column width=&#8221;1\/5&#8243; offset=&#8221;vc_hidden-lg vc_hidden-md&#8221;][vc_single_image image=&#8221;659&#8243; img_size=&#8221;medium&#8221; alignment=&#8221;center&#8221; onclick=&#8221;custom_link&#8221; link=&#8221;https:\/\/avelozcomunicacao.com.br\/toyotas\/doc\/&#8221;][\/vc_column][vc_column width=&#8221;1\/5&#8243; offset=&#8221;vc_hidden-lg vc_hidden-md&#8221;][vc_single_image image=&#8221;543&#8243; img_size=&#8221;medium&#8221; alignment=&#8221;center&#8221; onclick=&#8221;custom_link&#8221; link=&#8221;https:\/\/avelozcomunicacao.com.br\/toyotas\/portfolio\/infografico\/&#8221;][\/vc_column][vc_column width=&#8221;1\/5&#8243; offset=&#8221;vc_hidden-lg vc_hidden-md&#8221;][vc_single_image image=&#8221;544&#8243; img_size=&#8221;medium&#8221; alignment=&#8221;center&#8221; onclick=&#8221;custom_link&#8221; link=&#8221;https:\/\/avelozcomunicacao.com.br\/toyotas\/podcast\/&#8221;][\/vc_column][vc_column width=&#8221;1\/5&#8243; offset=&#8221;vc_hidden-lg vc_hidden-md&#8221;][vc_single_image image=&#8221;601&#8243; img_size=&#8221;medium&#8221; alignment=&#8221;center&#8221; onclick=&#8221;custom_link&#8221; link=&#8221;https:\/\/avelozcomunicacao.com.br\/toyotas\/portfolio\/enfeitar\/&#8221;][\/vc_column][vc_column width=&#8221;1\/5&#8243; offset=&#8221;vc_hidden-lg vc_hidden-md&#8221;][vc_single_image image=&#8221;541&#8243; img_size=&#8221;medium&#8221; alignment=&#8221;center&#8221; onclick=&#8221;custom_link&#8221; link=&#8221;http:\/\/avelozcomunicacao.com.br\/toyotas\/portfolio\/bastidores\/&#8221;][\/vc_column][\/vc_row][vc_row][vc_column width=&#8221;2\/3&#8243; offset=&#8221;vc_hidden-sm vc_hidden-xs&#8221;][vc_single_image image=&#8221;590&#8243; img_size=&#8221;full&#8221; style=&#8221;vc_box_rounded&#8221; onclick=&#8221;custom_link&#8221; link=&#8221;https:\/\/avelozcomunicacao.com.br\/toyotas\/portfolio\/infografico\/&#8221;][vc_empty_space height=&#8221;40px&#8221;][\/vc_column][vc_column width=&#8221;1\/3&#8243; offset=&#8221;vc_hidden-sm vc_hidden-xs&#8221;][vc_empty_space height=&#8221;12px&#8221;][vc_column_text]<\/p>\n<h1><span style=\"font-family: amada;\"><span style=\"font-size: 36pt;\"><b><span style=\"color: #000000;\">BOTA<\/span><br \/>\n<\/b><\/span><span style=\"color: #000000;\"><b style=\"font-size: 36pt;\">PRA<br \/>\n<\/b><span style=\"font-size: 36pt;\"><b>TORAR!<\/b><\/span><\/span><\/span><\/h1>\n<p>[\/vc_column_text][vc_column_text]<span style=\"font-weight: 400; font-family: 'Book Antiqua', Palatino; font-size: 12pt;\"><span style=\"color: #000000;\">As limousines do agreste resultam do alongamento de jipes Toyota Bandeirante em um metro, com adi\u00e7\u00e3o de duas (e, excepcionalmente, quatro) portas, capota de lona com estrutura refor\u00e7ada e grande bagageiro no teto. Com isto, ficam preparados para\u00a0 transportar pelo menos 12 passageiros e grande quantidade de carga.<\/span> <span style=\"color: #000000;\">(<\/span><a href=\"https:\/\/avelozcomunicacao.com.br\/toyotas\/portfolio\/infografico\/\">Saiba mais<\/a><span style=\"color: #000000;\">)<\/span><\/span>[\/vc_column_text][\/vc_column][\/vc_row][vc_row][vc_column offset=&#8221;vc_hidden-sm vc_hidden-xs&#8221;][vc_empty_space height=&#8221;22px&#8221;][vc_column_text]<\/p>\n<h1 style=\"text-align: center;\"><span style=\"font-size: 48px; color: #000000; font-family: amada;\"><b>\u00a0OUTRAS PARADAS!<\/b><\/span><\/h1>\n<p>[\/vc_column_text][vc_empty_space height=&#8221;20px&#8221;][\/vc_column][\/vc_row][vc_row][vc_column width=&#8221;1\/4&#8243; offset=&#8221;vc_hidden-sm vc_hidden-xs&#8221;][vc_single_image image=&#8221;659&#8243; img_size=&#8221;medium&#8221; onclick=&#8221;custom_link&#8221; link=&#8221;https:\/\/avelozcomunicacao.com.br\/toyotas\/doc\/&#8221;][\/vc_column][vc_column width=&#8221;1\/4&#8243; offset=&#8221;vc_hidden-sm vc_hidden-xs&#8221;][vc_single_image image=&#8221;544&#8243; img_size=&#8221;medium&#8221; onclick=&#8221;custom_link&#8221; link=&#8221;https:\/\/avelozcomunicacao.com.br\/toyotas\/podcast\/&#8221;][\/vc_column][vc_column width=&#8221;1\/4&#8243; offset=&#8221;vc_hidden-sm vc_hidden-xs&#8221;][vc_single_image image=&#8221;601&#8243; img_size=&#8221;medium&#8221; onclick=&#8221;custom_link&#8221; link=&#8221;https:\/\/avelozcomunicacao.com.br\/toyotas\/portfolio\/enfeitar\/&#8221;][\/vc_column][vc_column width=&#8221;1\/4&#8243; offset=&#8221;vc_hidden-sm vc_hidden-xs&#8221;][vc_single_image image=&#8221;541&#8243; img_size=&#8221;medium&#8221; onclick=&#8221;custom_link&#8221; link=&#8221;http:\/\/avelozcomunicacao.com.br\/toyotas\/portfolio\/bastidores\/&#8221;][\/vc_column][\/vc_row][vc_row][vc_column][vc_empty_space height=&#8221;50px&#8221;][vc_single_image image=&#8221;289&#8243; img_size=&#8221;large&#8221; alignment=&#8221;center&#8221;][vc_single_image image=&#8221;688&#8243; img_size=&#8221;large&#8221; alignment=&#8221;center&#8221;][vc_empty_space][\/vc_column][\/vc_row]<\/p>\n<\/div>","protected":false},"excerpt":{"rendered":"<p>[vc_row][vc_column offset=&#8221;vc_hidden-lg vc_hidden-md&#8221;][vc_empty_space height=&#8221;11px&#8221;][vc_single_image image=&#8221;438&#8243; img_size=&#8221;full&#8221; alignment=&#8221;right&#8221; style=&#8221;vc_box_rounded&#8221; align=&#8221;center&#8221;][vc_empty_space height=&#8221;30px&#8221;][vc_column_text] H\u00e1 mais de tr\u00eas d\u00e9cadas, as Toyotas Bandeirantes alongadas\u2013 ve\u00edculos com chassis&#8230;<\/p>\n","protected":false},"author":2,"featured_media":0,"parent":0,"menu_order":0,"comment_status":"closed","ping_status":"closed","template":"page_no_sidebar.php","meta":{"footnotes":""},"class_list":["post-90","page","type-page","status-publish","hentry"],"_links":{"self":[{"href":"https:\/\/avelozcomunicacao.com.br\/toyotas\/wp-json\/wp\/v2\/pages\/90","targetHints":{"allow":["GET"]}}],"collection":[{"href":"https:\/\/avelozcomunicacao.com.br\/toyotas\/wp-json\/wp\/v2\/pages"}],"about":[{"href":"https:\/\/avelozcomunicacao.com.br\/toyotas\/wp-json\/wp\/v2\/types\/page"}],"author":[{"embeddable":true,"href":"https:\/\/avelozcomunicacao.com.br\/toyotas\/wp-json\/wp\/v2\/users\/2"}],"replies":[{"embeddable":true,"href":"https:\/\/avelozcomunicacao.com.br\/toyotas\/wp-json\/wp\/v2\/comments?post=90"}],"version-history":[{"count":142,"href":"https:\/\/avelozcomunicacao.com.br\/toyotas\/wp-json\/wp\/v2\/pages\/90\/revisions"}],"predecessor-version":[{"id":689,"href":"https:\/\/avelozcomunicacao.com.br\/toyotas\/wp-json\/wp\/v2\/pages\/90\/revisions\/689"}],"wp:attachment":[{"href":"https:\/\/avelozcomunicacao.com.br\/toyotas\/wp-json\/wp\/v2\/media?parent=90"}],"curies":[{"name":"wp","href":"https:\/\/api.w.org\/{rel}","templated":true}]}}